{"id":147,"date":"2021-12-30T21:09:36","date_gmt":"2021-12-30T20:09:36","guid":{"rendered":"http:\/\/www.enriquekrause.es\/works\/?page_id=147"},"modified":"2021-12-30T21:09:36","modified_gmt":"2021-12-30T20:09:36","slug":"exposiciones","status":"publish","type":"page","link":"http:\/\/www.enriquekrause.es\/works\/exposiciones\/","title":{"rendered":"exposiciones"},"content":{"rendered":"\n<figure class=\"wp-block-image size-full\"><img loading=\"lazy\" width=\"1024\" height=\"605\" src=\"http:\/\/www.enriquekrause.es\/works\/wp-content\/uploads\/2021\/12\/00000111animacinicio.gif\" alt=\"\" class=\"wp-image-148\"\/><\/figure>\n\n\n\n<p>Proyecci\u00f3n y elaboraci\u00f3n de todos los procesos de una exposici\u00f3n. Desde la idea y comisariado, a la gesti\u00f3n de contenidos y la elaboraci\u00f3n de textos. Gesti\u00f3n administrativa, dise\u00f1o expositivo y montaje. Dise\u00f1o y elaboraci\u00f3n de elementos del proyecto y de su difusi\u00f3n<\/p>\n\n\n\n<p>Existe un creciente n\u00famero de espacios p\u00fablicos y privados a los que les son otorgadas funciones, voluntades y vocaciones de utilidad recreativa y cultural.<\/p>\n\n\n\n<p>El inter\u00e9s comunitario como finalidad principal, encuentra de este modo tambi\u00e9n, el a\u00f1adido de un cierto valor de identidad y atractivo al espacio.<\/p>\n\n\n\n<p>Las colecciones p\u00fablicas y privadas, tambi\u00e9n suelen tener buena disposici\u00f3n para el pr\u00e9stamo de material expositivo, dentro de unos cuidados y atenciones a la seguridad razonables, ya que la difusi\u00f3n de su material y procedencia a\u00f1ade valor.<\/p>\n\n\n\n<p>El contenido es, bien lo sabemos, muchas veces tan importante como su contexto, su narrativa y su presentaci\u00f3n. Todo debe responder a una identidad definida en direcci\u00f3n de dicha narrativa. Los elementos de difusi\u00f3n deben hacer que el visitante encuentre continuidad y amplitud de los mismos en la exposici\u00f3n. Su curiosidad e inter\u00e9s son valiosos recursos a los que atender y acompa\u00f1ar.<\/p>\n\n\n\n<p><a href=\"http:\/\/www.enriquekrause.es\/zexpos.html\">Im\u00e1genes de montajes y dise\u00f1o de exposiciones<\/a><\/p>\n\n\n\n<p>Adem\u00e1s de una gran experiencia en dise\u00f1o y montaje de exposiciones de obra colectiva e individual, merece la pena citar las siguientes exposiciones en las que E&amp;E ha participado con obra propia<\/p>\n\n\n\n<p><strong>Exposiciones individuales<\/strong><\/p>\n\n\n\n<p><br><a rel=\"noreferrer noopener\" href=\"http:\/\/www.enriquekrause.es\/cuerpoexpos.htm\" target=\"_blank\">2004 \u201cIm\u00e1genes 03-04\u201d Caf\u00e9 La Palma, Madrid<br><br>2005 Sala de Exposiciones, Colegio Mayor Argentino Ntra. Sra. del Luj\u00e1n, Madrid<br><\/a><br><a rel=\"noreferrer noopener\" href=\"http:\/\/www.enriquekrause.es\/tododibujo.htm\" target=\"_blank\">2008 \u201cInane\u201d Librer\u00eda-Galer\u00eda Panta Rhei. Madrid<br><\/a><br><a rel=\"noreferrer noopener\" href=\"http:\/\/www.enriquekrause.es\/estacion%20pequenio%20circuito\/todo%20estacion.htm\" target=\"_blank\">2015 \u00abEstaci\u00f3n peque\u00f1o circuito\u00bb Caf\u00e9 la Palma, Madrid<\/a><\/p>\n\n\n\n<p><strong>Exposiciones colectivas destacadas<\/strong><\/p>\n\n\n\n<p id=\"excol\">2004 Facultad de Medicina UCM<br>2005 Facultad de Bellas Artes UCM<br>2005 Centro Art\u00e9polis. Madrid<br>2009 Facultad de Bellas Artes UCM<\/p>\n","protected":false},"excerpt":{"rendered":"<p>Proyecci\u00f3n y elaboraci\u00f3n de todos los procesos de una exposici\u00f3n. Desde la idea y comisariado, a la gesti\u00f3n de contenidos y la elaboraci\u00f3n de textos. Gesti\u00f3n administrativa, dise\u00f1o expositivo y montaje. Dise\u00f1o y elaboraci\u00f3n de elementos del proyecto y de su difusi\u00f3n Existe un creciente n\u00famero de espacios p\u00fablicos y privados a los que les&hellip; <a class=\"more-link\" href=\"http:\/\/www.enriquekrause.es\/works\/exposiciones\/\">Seguir leyendo <span class=\"screen-reader-text\">exposiciones<\/span><\/a><\/p>\n","protected":false},"author":1,"featured_media":145,"parent":0,"menu_order":0,"comment_status":"closed","ping_status":"closed","template":"","meta":[],"uagb_featured_image_src":{"full":["http:\/\/www.enriquekrause.es\/works\/wp-content\/uploads\/2021\/12\/010000000-logo-eventos-y-expos-horiz.png",350,77,false],"thumbnail":["http:\/\/www.enriquekrause.es\/works\/wp-content\/uploads\/2021\/12\/010000000-logo-eventos-y-expos-horiz-150x77.png",150,77,true],"medium":["http:\/\/www.enriquekrause.es\/works\/wp-content\/uploads\/2021\/12\/010000000-logo-eventos-y-expos-horiz-300x66.png",300,66,true],"medium_large":["http:\/\/www.enriquekrause.es\/works\/wp-content\/uploads\/2021\/12\/010000000-logo-eventos-y-expos-horiz.png",350,77,false],"large":["http:\/\/www.enriquekrause.es\/works\/wp-content\/uploads\/2021\/12\/010000000-logo-eventos-y-expos-horiz.png",350,77,false],"1536x1536":["http:\/\/www.enriquekrause.es\/works\/wp-content\/uploads\/2021\/12\/010000000-logo-eventos-y-expos-horiz.png",350,77,false],"2048x2048":["http:\/\/www.enriquekrause.es\/works\/wp-content\/uploads\/2021\/12\/010000000-logo-eventos-y-expos-horiz.png",350,77,false],"post-thumbnail":["http:\/\/www.enriquekrause.es\/works\/wp-content\/uploads\/2021\/12\/010000000-logo-eventos-y-expos-horiz.png",350,77,false]},"uagb_author_info":{"display_name":"ekrauseb","author_link":"http:\/\/www.enriquekrause.es\/works\/author\/ekrauseb\/"},"uagb_comment_info":0,"uagb_excerpt":"Proyecci\u00f3n y elaboraci\u00f3n de todos los procesos de una exposici\u00f3n. Desde la idea y comisariado, a la gesti\u00f3n de contenidos y la elaboraci\u00f3n de textos. Gesti\u00f3n administrativa, dise\u00f1o expositivo y montaje. Dise\u00f1o y elaboraci\u00f3n de elementos del proyecto y de su difusi\u00f3n Existe un creciente n\u00famero de espacios p\u00fablicos y privados a los que les&hellip;&hellip;","_links":{"self":[{"href":"http:\/\/www.enriquekrause.es\/works\/wp-json\/wp\/v2\/pages\/147"}],"collection":[{"href":"http:\/\/www.enriquekrause.es\/works\/wp-json\/wp\/v2\/pages"}],"about":[{"href":"http:\/\/www.enriquekrause.es\/works\/wp-json\/wp\/v2\/types\/page"}],"author":[{"embeddable":true,"href":"http:\/\/www.enriquekrause.es\/works\/wp-json\/wp\/v2\/users\/1"}],"replies":[{"embeddable":true,"href":"http:\/\/www.enriquekrause.es\/works\/wp-json\/wp\/v2\/comments?post=147"}],"version-history":[{"count":1,"href":"http:\/\/www.enriquekrause.es\/works\/wp-json\/wp\/v2\/pages\/147\/revisions"}],"predecessor-version":[{"id":150,"href":"http:\/\/www.enriquekrause.es\/works\/wp-json\/wp\/v2\/pages\/147\/revisions\/150"}],"wp:featuredmedia":[{"embeddable":true,"href":"http:\/\/www.enriquekrause.es\/works\/wp-json\/wp\/v2\/media\/145"}],"wp:attachment":[{"href":"http:\/\/www.enriquekrause.es\/works\/wp-json\/wp\/v2\/media?parent=147"}],"curies":[{"name":"wp","href":"https:\/\/api.w.org\/{rel}","templated":true}]}}